{"id":945,"date":"2023-03-14T23:03:52","date_gmt":"2023-03-14T22:03:52","guid":{"rendered":"https:\/\/seformerauyoga.com\/?page_id=945"},"modified":"2025-10-21T08:34:06","modified_gmt":"2025-10-21T06:34:06","slug":"paris-lina-franco","status":"publish","type":"page","link":"https:\/\/seformerauyoga.com\/index.php\/paris-lina-franco\/","title":{"rendered":"Paris &#8211; Lina Franco &#8211; 2023-2027"},"content":{"rendered":"\t\t<div data-elementor-type=\"wp-page\" data-elementor-id=\"945\" class=\"elementor elementor-945\">\n\t\t\t\t\t\t<section class=\"elementor-section elementor-top-section elementor-element elementor-element-74eb80f elementor-section-height-min-height elementor-section-boxed elementor-section-height-default elementor-section-items-middle\" data-id=\"74eb80f\" data-element_type=\"section\" data-e-type=\"section\" data-settings=\"{&quot;background_background&quot;:&quot;classic&quot;}\">\n\t\t\t\t\t\t<div class=\"elementor-container elementor-column-gap-default\">\n\t\t\t\t\t<div class=\"elementor-column elementor-col-100 elementor-top-column elementor-element elementor-element-1635b38\" data-id=\"1635b38\" data-element_type=\"column\" data-e-type=\"column\">\n\t\t\t<div class=\"elementor-widget-wrap elementor-element-populated\">\n\t\t\t\t\t\t<div class=\"elementor-element elementor-element-dc90057 elementor-widget elementor-widget-heading\" data-id=\"dc90057\" data-element_type=\"widget\" data-e-type=\"widget\" data-widget_type=\"heading.default\">\n\t\t\t\t<div class=\"elementor-widget-container\">\n\t\t\t\t\t<h1 class=\"elementor-heading-title elementor-size-default\">se former au yoga<\/h1>\t\t\t\t<\/div>\n\t\t\t\t<\/div>\n\t\t\t\t<div class=\"elementor-element elementor-element-b09770f elementor-widget elementor-widget-heading\" data-id=\"b09770f\" data-element_type=\"widget\" data-e-type=\"widget\" data-widget_type=\"heading.default\">\n\t\t\t\t<div class=\"elementor-widget-container\">\n\t\t\t\t\t<h1 class=\"elementor-heading-title elementor-size-default\">Formations de Yoga \u00e0 Paris 2023-2027<br>Lina Franco Morrison<\/h1>\t\t\t\t<\/div>\n\t\t\t\t<\/div>\n\t\t\t\t\t<\/div>\n\t\t<\/div>\n\t\t\t\t\t<\/div>\n\t\t<\/section>\n\t\t\t\t<section class=\"elementor-section elementor-top-section elementor-element elementor-element-91d6679 elementor-section-content-middle elementor-section-boxed elementor-section-height-default elementor-section-height-default\" data-id=\"91d6679\" data-element_type=\"section\" data-e-type=\"section\">\n\t\t\t\t\t\t<div class=\"elementor-container elementor-column-gap-default\">\n\t\t\t\t\t<div class=\"elementor-column elementor-col-100 elementor-top-column elementor-element elementor-element-f408441\" data-id=\"f408441\" data-element_type=\"column\" data-e-type=\"column\">\n\t\t\t<div class=\"elementor-widget-wrap elementor-element-populated\">\n\t\t\t\t\t\t<section class=\"elementor-section elementor-inner-section elementor-element elementor-element-f4ded32 elementor-section-content-middle elementor-section-boxed elementor-section-height-default elementor-section-height-default\" data-id=\"f4ded32\" data-element_type=\"section\" data-e-type=\"section\">\n\t\t\t\t\t\t<div class=\"elementor-container elementor-column-gap-default\">\n\t\t\t\t\t<div class=\"elementor-column elementor-col-50 elementor-inner-column elementor-element elementor-element-45f2f68\" data-id=\"45f2f68\" data-element_type=\"column\" data-e-type=\"column\">\n\t\t\t<div class=\"elementor-widget-wrap elementor-element-populated\">\n\t\t\t\t\t\t<div class=\"elementor-element elementor-element-61470ba elementor-widget elementor-widget-image\" data-id=\"61470ba\" data-element_type=\"widget\" data-e-type=\"widget\" data-widget_type=\"image.default\">\n\t\t\t\t<div class=\"elementor-widget-container\">\n\t\t\t\t\t\t\t\t\t\t\t\t\t\t\t<img fetchpriority=\"high\" decoding=\"async\" width=\"1000\" height=\"1000\" src=\"https:\/\/seformerauyoga.com\/wp-content\/uploads\/2023\/03\/FRANCO-MORRISON-2023.jpg\" class=\"attachment-large size-large wp-image-926\" alt=\"\" srcset=\"https:\/\/seformerauyoga.com\/wp-content\/uploads\/2023\/03\/FRANCO-MORRISON-2023.jpg 1000w, https:\/\/seformerauyoga.com\/wp-content\/uploads\/2023\/03\/FRANCO-MORRISON-2023-300x300.jpg 300w, https:\/\/seformerauyoga.com\/wp-content\/uploads\/2023\/03\/FRANCO-MORRISON-2023-150x150.jpg 150w, https:\/\/seformerauyoga.com\/wp-content\/uploads\/2023\/03\/FRANCO-MORRISON-2023-768x768.jpg 768w, https:\/\/seformerauyoga.com\/wp-content\/uploads\/2023\/03\/FRANCO-MORRISON-2023-600x600.jpg 600w\" sizes=\"(max-width: 1000px) 100vw, 1000px\" \/>\t\t\t\t\t\t\t\t\t\t\t\t\t\t\t<\/div>\n\t\t\t\t<\/div>\n\t\t\t\t\t<\/div>\n\t\t<\/div>\n\t\t\t\t<div class=\"elementor-column elementor-col-50 elementor-inner-column elementor-element elementor-element-9dfe037\" data-id=\"9dfe037\" data-element_type=\"column\" data-e-type=\"column\">\n\t\t\t<div class=\"elementor-widget-wrap elementor-element-populated\">\n\t\t\t\t\t\t<div class=\"elementor-element elementor-element-e557c63 elementor-widget elementor-widget-heading\" data-id=\"e557c63\" data-element_type=\"widget\" data-e-type=\"widget\" data-widget_type=\"heading.default\">\n\t\t\t\t<div class=\"elementor-widget-container\">\n\t\t\t\t\t<h2 class=\"elementor-heading-title elementor-size-default\">Paris<\/h2>\t\t\t\t<\/div>\n\t\t\t\t<\/div>\n\t\t\t\t<div class=\"elementor-element elementor-element-51e5965 elementor-widget elementor-widget-heading\" data-id=\"51e5965\" data-element_type=\"widget\" data-e-type=\"widget\" data-widget_type=\"heading.default\">\n\t\t\t\t<div class=\"elementor-widget-container\">\n\t\t\t\t\t<h3 class=\"elementor-heading-title elementor-size-default\">Lina Franco Morrison<\/h3>\t\t\t\t<\/div>\n\t\t\t\t<\/div>\n\t\t\t\t\t<\/div>\n\t\t<\/div>\n\t\t\t\t\t<\/div>\n\t\t<\/section>\n\t\t\t\t<div class=\"elementor-element elementor-element-b2af2c0 elementor-widget elementor-widget-spacer\" data-id=\"b2af2c0\" data-element_type=\"widget\" data-e-type=\"widget\" data-widget_type=\"spacer.default\">\n\t\t\t\t<div class=\"elementor-widget-container\">\n\t\t\t\t\t\t\t<div class=\"elementor-spacer\">\n\t\t\t<div class=\"elementor-spacer-inner\"><\/div>\n\t\t<\/div>\n\t\t\t\t\t\t<\/div>\n\t\t\t\t<\/div>\n\t\t\t\t<div class=\"elementor-element elementor-element-8a9512d elementor-widget elementor-widget-heading\" data-id=\"8a9512d\" data-element_type=\"widget\" data-e-type=\"widget\" data-widget_type=\"heading.default\">\n\t\t\t\t<div class=\"elementor-widget-container\">\n\t\t\t\t\t<h3 class=\"elementor-heading-title elementor-size-default\">Mon parcours<\/h3>\t\t\t\t<\/div>\n\t\t\t\t<\/div>\n\t\t\t\t<div class=\"elementor-element elementor-element-f148079 elementor-widget elementor-widget-text-editor\" data-id=\"f148079\" data-element_type=\"widget\" data-e-type=\"widget\" data-widget_type=\"text-editor.default\">\n\t\t\t\t<div class=\"elementor-widget-container\">\n\t\t\t\t\t\t\t\t\t<p>Je suis italienne de naissance, fran\u00e7aise d\u2019adoption, et \u00e9cossaise de c\u0153ur. Dans une \u00ab vie ant\u00e9rieure \u00bb, mon activit\u00e9 de recherche a abouti \u00e0 l\u2019obtention d\u2019un doctorat en litt\u00e9ratures compar\u00e9es (2000) initiant une longue saison d\u2019\u00e9tude orient\u00e9e vers la philosophie et l\u2019\u00e9criture sur la question du corps (son langage, sa repr\u00e9sentation, ses cr\u00e9ations). Le d\u00e9sir de confronter les connaissances th\u00e9oriques \u00e0 la pratique m\u2019a conduit \u00e0 emprunter la voie de l\u2019enseignement du yoga.<\/p><p>D\u00e8s 1995, je me suis plong\u00e9e dans les lectures des textes classiques des ma\u00eetres indiens et de leurs commentateurs contemporains qui sont \u00e0 la base de ma pratique. Je suis \u00ab l\u2019\u00e9l\u00e8ve des \u00e9l\u00e8ves directs de Desikachar \u00bb et naturellement \u00ab l\u2019\u00e9l\u00e8ve de l\u2019\u00e9cole de la vie et du tapis \u00bb. J\u2019ai chemin\u00e9 dans l\u2019enseignement du yoga (2006) aupr\u00e8s de Laurence Maman, qui est un m\u00e9decin orient\u00e9 vers la psychanalyse. J\u2019ai suivi pendant presque une d\u00e9cennie les post-formations de Peter Hersnack et les cycles pluriannuels d\u2019approfondissements th\u00e9matiques en yoga propos\u00e9s par Michel Alibert. L\u2019ouverture d\u2019esprit et une approche transversale ont enrichi ma pratique et permis d\u2019approfondir des aspects centraux de l\u2019enseignement : le rapport entre le yoga, d\u2019une part et la sant\u00e9 d\u2019autre part ; la mise en \u0153uvre d\u2019une \u00ab p\u00e9dagogie intuitive \u00bb, l\u2019importance de la dimension \u00e9nerg\u00e9tique du corps ; \u00ab\u00a0l\u2019approche po\u00e9tique \u00bb du yoga au travers de la langue et du langage (Fran\u00e7ois Lorin).<\/p><p>En 2017, dans le prolongement des enseignements que j\u2019ai re\u00e7us, j\u2019ai choisi Laurence Maman comme formatrice pour devenir formatrice moi-m\u00eame.<\/p><p>Mon enseignement s\u2019organise autour de s\u00e9minaires, d\u2019ateliers, de cours individuels et collectifs (grand public et en entreprise), et de stages \u00e0 Paris, en province et \u00e0 l\u2019\u00e9tranger.<\/p><p>Lorsque j\u2019ai fond\u00e9 <em>Body Yoga Paris<\/em> (2010), mon souhait \u00e9tait d\u2019ouvrir un espace \u00ab nomade \u00bb &#8211; sans lieu fixe &#8211; con\u00e7u autour d&rsquo;une vision holistique d\u00e9di\u00e9 \u00e0 l\u2019\u00e9tude, \u00e0 la formation et \u00e0 la pratique. La vocation de cet espace : est d\u2019accueillir les \u00e9l\u00e8ves et les pratiquants du yoga, ainsi que de soutenir la r\u00e9flexion sur le <em>Yoga s\u016btra<\/em> par la cr\u00e9ation d\u2019un \u00ab laboratoire de pratique posturale \u00bb.<\/p><p>Cette exp\u00e9rience d\u2019enseignement est compl\u00e9t\u00e9e par une activit\u00e9 d\u2019\u00e9criture et d\u2019exp\u00e9rimentation. Mes \u00e9crits incluent des textes th\u00e9oriques et th\u00e9matiques courts, un lexique yoga (en cours) et le livre <em>M\u00e9moire et changement<\/em> (Cahier Pr\u00e9sence d\u2019Esprit).<\/p>\t\t\t\t\t\t\t\t<\/div>\n\t\t\t\t<\/div>\n\t\t\t\t<div class=\"elementor-element elementor-element-0388f0f elementor-widget elementor-widget-heading\" data-id=\"0388f0f\" data-element_type=\"widget\" data-e-type=\"widget\" data-widget_type=\"heading.default\">\n\t\t\t\t<div class=\"elementor-widget-container\">\n\t\t\t\t\t<h3 class=\"elementor-heading-title elementor-size-default\">La transmission du yoga, pour moi et mon r\u00f4le de formatrice<\/h3>\t\t\t\t<\/div>\n\t\t\t\t<\/div>\n\t\t\t\t<div class=\"elementor-element elementor-element-29166db elementor-widget elementor-widget-text-editor\" data-id=\"29166db\" data-element_type=\"widget\" data-e-type=\"widget\" data-widget_type=\"text-editor.default\">\n\t\t\t\t<div class=\"elementor-widget-container\">\n\t\t\t\t\t\t\t\t\t<p>Ma d\u00e9finition de la transmission du yoga est d\u2019aider l\u2019autre \u00e0 trouver les cl\u00e9s pour se d\u00e9couvrir soi-m\u00eame, approfondir <em>sv\u0101dhy\u0101ya<\/em>, \u00e0 savoir cette \u00ab action \u00bb personnelle soutenue et constante qui permet d\u2019aller vers soi, vers le vivant, de comprendre qui nous sommes vraiment, ses aspirations profondes.<\/p><p>Mon objectif est d\u2019accompagner le futur professeur \u00e0 identifier ses outils et ce dont il a besoin pour r\u00e9aliser son projet yoga, dans une approche pluridisciplinaire alliant la tradition et modernit\u00e9. Il s\u2019agit ainsi de construire une relation de confiance dans le respect de l\u2019autre et de ce qu\u2019il est.<\/p>\t\t\t\t\t\t\t\t<\/div>\n\t\t\t\t<\/div>\n\t\t\t\t<div class=\"elementor-element elementor-element-4eb17e2 elementor-align-center elementor-mobile-align-center elementor-widget elementor-widget-button\" data-id=\"4eb17e2\" data-element_type=\"widget\" data-e-type=\"widget\" data-widget_type=\"button.default\">\n\t\t\t\t<div class=\"elementor-widget-container\">\n\t\t\t\t\t\t\t\t\t<div class=\"elementor-button-wrapper\">\n\t\t\t\t\t<a class=\"elementor-button elementor-button-link elementor-size-sm elementor-animation-grow\" href=\"https:\/\/seformerauyoga.com\/wp-content\/uploads\/2023\/03\/doc-formation-a-lenseignementv8der-2115.pdf\" target=\"_blank\">\n\t\t\t\t\t\t<span class=\"elementor-button-content-wrapper\">\n\t\t\t\t\t\t\t\t\t<span class=\"elementor-button-text\">T\u00e9l\u00e9chargez la plaquette<\/span>\n\t\t\t\t\t<\/span>\n\t\t\t\t\t<\/a>\n\t\t\t\t<\/div>\n\t\t\t\t\t\t\t\t<\/div>\n\t\t\t\t<\/div>\n\t\t\t\t\t<\/div>\n\t\t<\/div>\n\t\t\t\t\t<\/div>\n\t\t<\/section>\n\t\t\t\t<section class=\"elementor-section elementor-top-section elementor-element elementor-element-558b952 elementor-section-boxed elementor-section-height-default elementor-section-height-default\" data-id=\"558b952\" data-element_type=\"section\" data-e-type=\"section\">\n\t\t\t\t\t\t<div class=\"elementor-container elementor-column-gap-default\">\n\t\t\t\t\t<div class=\"elementor-column elementor-col-66 elementor-top-column elementor-element elementor-element-c1acae8\" data-id=\"c1acae8\" data-element_type=\"column\" data-e-type=\"column\">\n\t\t\t<div class=\"elementor-widget-wrap elementor-element-populated\">\n\t\t\t\t\t\t<div class=\"elementor-element elementor-element-ff08f6d elementor-widget elementor-widget-google_maps\" data-id=\"ff08f6d\" data-element_type=\"widget\" data-e-type=\"widget\" data-widget_type=\"google_maps.default\">\n\t\t\t\t<div class=\"elementor-widget-container\">\n\t\t\t\t\t\t\t<div class=\"elementor-custom-embed\">\n\t\t\t<iframe loading=\"lazy\"\n\t\t\t\t\tsrc=\"https:\/\/maps.google.com\/maps?q=147%20rue%20de%20Bercy%20-%2075012%20Paris&#038;t=m&#038;z=11&#038;output=embed&#038;iwloc=near\"\n\t\t\t\t\ttitle=\"147 rue de Bercy - 75012 Paris\"\n\t\t\t\t\taria-label=\"147 rue de Bercy - 75012 Paris\"\n\t\t\t><\/iframe>\n\t\t<\/div>\n\t\t\t\t\t\t<\/div>\n\t\t\t\t<\/div>\n\t\t\t\t\t<\/div>\n\t\t<\/div>\n\t\t\t\t<div class=\"elementor-column elementor-col-33 elementor-top-column elementor-element elementor-element-3abc220\" data-id=\"3abc220\" data-element_type=\"column\" data-e-type=\"column\">\n\t\t\t<div class=\"elementor-widget-wrap elementor-element-populated\">\n\t\t\t\t\t\t<div class=\"elementor-element elementor-element-8458528 elementor-widget elementor-widget-heading\" data-id=\"8458528\" data-element_type=\"widget\" data-e-type=\"widget\" data-widget_type=\"heading.default\">\n\t\t\t\t<div class=\"elementor-widget-container\">\n\t\t\t\t\t<h2 class=\"elementor-heading-title elementor-size-default\">Contact<\/h2>\t\t\t\t<\/div>\n\t\t\t\t<\/div>\n\t\t\t\t<div class=\"elementor-element elementor-element-f42ab61 elementor-widget elementor-widget-text-editor\" data-id=\"f42ab61\" data-element_type=\"widget\" data-e-type=\"widget\" data-widget_type=\"text-editor.default\">\n\t\t\t\t<div class=\"elementor-widget-container\">\n\t\t\t\t\t\t\t\t\t<p>Lina Franco Morrison<\/p><p>147 rue de Bercy &#8211; 75012 Paris<\/p><p>06 50 19 77 79<\/p><p><a href=\"mailto:contact@body-yoga-paris.com\">contact@body-yoga-paris.com<\/a><\/p><p><a href=\"https:\/\/www.body-yoga-paris.com\/\">body-yoga-paris.com<\/a><\/p>\t\t\t\t\t\t\t\t<\/div>\n\t\t\t\t<\/div>\n\t\t\t\t\t<\/div>\n\t\t<\/div>\n\t\t\t\t\t<\/div>\n\t\t<\/section>\n\t\t\t\t<\/div>\n\t\t","protected":false},"excerpt":{"rendered":"<p>se former au yoga Formations de Yoga \u00e0 Paris 2023-2027Lina Franco Morrison Paris Lina Franco Morrison Mon parcours Je suis italienne de naissance, fran\u00e7aise d\u2019adoption, et \u00e9cossaise de c\u0153ur. Dans une \u00ab vie ant\u00e9rieure \u00bb, mon activit\u00e9 de recherche a abouti \u00e0 l\u2019obtention d\u2019un doctorat en litt\u00e9ratures compar\u00e9es (2000) initiant une longue saison d\u2019\u00e9tude orient\u00e9e [&hellip;]<\/p>\n","protected":false},"author":1,"featured_media":0,"parent":0,"menu_order":0,"comment_status":"closed","ping_status":"open","template":"elementor_header_footer","meta":{"ocean_post_layout":"","ocean_both_sidebars_style":"","ocean_both_sidebars_content_width":0,"ocean_both_sidebars_sidebars_width":0,"ocean_sidebar":"0","ocean_second_sidebar":"0","ocean_disable_margins":"enable","ocean_add_body_class":"","ocean_shortcode_before_top_bar":"","ocean_shortcode_after_top_bar":"","ocean_shortcode_before_header":"","ocean_shortcode_after_header":"","ocean_has_shortcode":"","ocean_shortcode_after_title":"","ocean_shortcode_before_footer_widgets":"","ocean_shortcode_after_footer_widgets":"","ocean_shortcode_before_footer_bottom":"","ocean_shortcode_after_footer_bottom":"","ocean_display_top_bar":"default","ocean_display_header":"default","ocean_header_style":"","ocean_center_header_left_menu":"0","ocean_custom_header_template":"0","ocean_custom_logo":0,"ocean_custom_retina_logo":0,"ocean_custom_logo_max_width":0,"ocean_custom_logo_tablet_max_width":0,"ocean_custom_logo_mobile_max_width":0,"ocean_custom_logo_max_height":0,"ocean_custom_logo_tablet_max_height":0,"ocean_custom_logo_mobile_max_height":0,"ocean_header_custom_menu":"0","ocean_menu_typo_font_family":"0","ocean_menu_typo_font_subset":"","ocean_menu_typo_font_size":0,"ocean_menu_typo_font_size_tablet":0,"ocean_menu_typo_font_size_mobile":0,"ocean_menu_typo_font_size_unit":"px","ocean_menu_typo_font_weight":"","ocean_menu_typo_font_weight_tablet":"","ocean_menu_typo_font_weight_mobile":"","ocean_menu_typo_transform":"","ocean_menu_typo_transform_tablet":"","ocean_menu_typo_transform_mobile":"","ocean_menu_typo_line_height":0,"ocean_menu_typo_line_height_tablet":0,"ocean_menu_typo_line_height_mobile":0,"ocean_menu_typo_line_height_unit":"","ocean_menu_typo_spacing":0,"ocean_menu_typo_spacing_tablet":0,"ocean_menu_typo_spacing_mobile":0,"ocean_menu_typo_spacing_unit":"","ocean_menu_link_color":"","ocean_menu_link_color_hover":"","ocean_menu_link_color_active":"","ocean_menu_link_background":"","ocean_menu_link_hover_background":"","ocean_menu_link_active_background":"","ocean_menu_social_links_bg":"","ocean_menu_social_hover_links_bg":"","ocean_menu_social_links_color":"","ocean_menu_social_hover_links_color":"","ocean_disable_title":"default","ocean_disable_heading":"default","ocean_post_title":"","ocean_post_subheading":"","ocean_post_title_style":"","ocean_post_title_background_color":"","ocean_post_title_background":0,"ocean_post_title_bg_image_position":"","ocean_post_title_bg_image_attachment":"","ocean_post_title_bg_image_repeat":"","ocean_post_title_bg_image_size":"","ocean_post_title_height":0,"ocean_post_title_bg_overlay":0.5,"ocean_post_title_bg_overlay_color":"","ocean_disable_breadcrumbs":"default","ocean_breadcrumbs_color":"","ocean_breadcrumbs_separator_color":"","ocean_breadcrumbs_links_color":"","ocean_breadcrumbs_links_hover_color":"","ocean_display_footer_widgets":"default","ocean_display_footer_bottom":"default","ocean_custom_footer_template":"0","footnotes":""},"class_list":["post-945","page","type-page","status-publish","hentry","entry"],"_links":{"self":[{"href":"https:\/\/seformerauyoga.com\/index.php\/wp-json\/wp\/v2\/pages\/945","targetHints":{"allow":["GET"]}}],"collection":[{"href":"https:\/\/seformerauyoga.com\/index.php\/wp-json\/wp\/v2\/pages"}],"about":[{"href":"https:\/\/seformerauyoga.com\/index.php\/wp-json\/wp\/v2\/types\/page"}],"author":[{"embeddable":true,"href":"https:\/\/seformerauyoga.com\/index.php\/wp-json\/wp\/v2\/users\/1"}],"replies":[{"embeddable":true,"href":"https:\/\/seformerauyoga.com\/index.php\/wp-json\/wp\/v2\/comments?post=945"}],"version-history":[{"count":27,"href":"https:\/\/seformerauyoga.com\/index.php\/wp-json\/wp\/v2\/pages\/945\/revisions"}],"predecessor-version":[{"id":1521,"href":"https:\/\/seformerauyoga.com\/index.php\/wp-json\/wp\/v2\/pages\/945\/revisions\/1521"}],"wp:attachment":[{"href":"https:\/\/seformerauyoga.com\/index.php\/wp-json\/wp\/v2\/media?parent=945"}],"curies":[{"name":"wp","href":"https:\/\/api.w.org\/{rel}","templated":true}]}}